{"id":50,"date":"2023-08-02T18:08:22","date_gmt":"2023-08-02T22:08:22","guid":{"rendered":"https:\/\/www.karatesherbrooke.ca\/?page_id=50"},"modified":"2025-01-06T08:39:22","modified_gmt":"2025-01-06T13:39:22","slug":"dojo-kazoku-sherbrooke","status":"publish","type":"page","link":"https:\/\/www.karatesherbrooke.ca\/indexphp\/dojo-kazoku\/","title":{"rendered":"Dojo Kazoku Sherbrooke"},"content":{"rendered":"\n<div class=\"wp-block-cover is-light\"><span aria-hidden=\"true\" class=\"wp-block-cover__background has-background-dim\" style=\"background-color:#a8a4a0\"><\/span><img loading=\"lazy\" decoding=\"async\" width=\"1200\" height=\"423\" class=\"wp-block-cover__image-background wp-image-1014\" alt=\"\u00c9cole de karat\u00e9 : Dojo Kazoku Sherbrooke\" src=\"https:\/\/www.karatesherbrooke.ca\/wp-content\/uploads\/2024\/08\/dojo2-2.jpg\" data-object-fit=\"cover\" srcset=\"https:\/\/www.karatesherbrooke.ca\/wp-content\/uploads\/2024\/08\/dojo2-2.jpg 1200w, https:\/\/www.karatesherbrooke.ca\/wp-content\/uploads\/2024\/08\/dojo2-2-300x106.jpg 300w, https:\/\/www.karatesherbrooke.ca\/wp-content\/uploads\/2024\/08\/dojo2-2-1024x361.jpg 1024w, https:\/\/www.karatesherbrooke.ca\/wp-content\/uploads\/2024\/08\/dojo2-2-768x271.jpg 768w\" sizes=\"auto, (max-width: 1200px) 100vw, 1200px\" \/><div class=\"wp-block-cover__inner-container is-layout-constrained wp-block-cover-is-layout-constrained\">\n<h1 class=\"wp-block-heading has-text-align-center has-white-color has-text-color has-x-large-font-size\" id=\"h-dojo-kazoku-sherbrooke\">Dojo Kazoku Sherbrooke<\/h1>\n<\/div><\/div>\n\n\n\n<h3 class=\"wp-block-heading has-text-align-left has-large-font-size\" id=\"h-ecole-de-karate-et-de-kobujutsu-dojo-kazoku-sherbrooke\">\u00c9cole de karat\u00e9 et de Kobujutsu &#8211; Dojo Kazoku Sherbrooke<\/h3>\n\n\n\n<div class=\"wp-block-columns is-layout-flex wp-container-core-columns-is-layout-9d6595d7 wp-block-columns-is-layout-flex\">\n<div class=\"wp-block-column is-layout-flow wp-block-column-is-layout-flow\" style=\"flex-basis:50%\">\n<p class=\"has-medium-font-size\">Le dojo Kazoku Sherbrooke a \u00e9t\u00e9 fond\u00e9 en 2011. Nous y pratiquons la karat\u00e9 traditionnel japonais de style <a href=\"https:\/\/www.chito-ryu-quebec.ca\/\">Chito<\/a>&#8211;<a href=\"https:\/\/www.chito-ryu-quebec.ca\/\">Ryu <\/a>et l&#8217;art martial du maniement des armes traditionnelles, le <a href=\"http:\/\/www.ryukyukobujutsuhozonshinkokai.org\/\">RyuKyu Kobujutsu.<\/a><\/p>\n\n\n\n<p class=\"has-medium-font-size\">Nous sommes membres des <a href=\"https:\/\/www.chito-ryu-quebec.ca\/\">associations qu\u00e9becoise<\/a> et <a href=\"https:\/\/canadianchitoryu.ca\/\">canadienne<\/a> de Karat\u00e9 Chito-Ryu ainsi que de l&#8217;<a href=\"https:\/\/www.sportspourtous.ca\/ACRKK\/index.html\">Association Canadienne de RyuKyu Kobujutsu.<\/a><\/p>\n\n\n\n<p class=\"has-medium-font-size\">Notre dojo est situ\u00e9 au <a href=\"https:\/\/www.karatesherbrooke.ca\/index.php\/contact\">1150 rue Deschaillons<\/a> \u00e0 Sherbrooke.<\/p>\n\n\n\n<p class=\"has-medium-font-size\">Nous offrons des cours de karat\u00e9 et de kobujutsu les mardis et jeudis de 18h30 \u00e0 21h.<\/p>\n<\/div>\n\n\n\n<div class=\"wp-block-column is-layout-flow wp-block-column-is-layout-flow\" style=\"flex-basis:50%\">\nngg_shortcode_0_placeholder\n<\/div>\n<\/div>\n\n\n\n<h2 class=\"wp-block-heading has-text-align-center has-background has-large-font-size\" id=\"h-les-responsables-du-dojo-kazoku-sherbrooke\" style=\"background:radial-gradient(rgb(254,205,165) 19%,rgb(254,45,45) 56%,rgb(107,0,62) 97%)\"><strong>Les  responsables du Dojo<\/strong> Kazoku Sherbrooke<\/h2>\n\n\n\n<div class=\"wp-block-columns is-layout-flex wp-container-core-columns-is-layout-9d6595d7 wp-block-columns-is-layout-flex\">\n<div class=\"wp-block-column is-layout-flow wp-block-column-is-layout-flow\"><div class=\"wp-block-image\">\n<figure class=\"aligncenter size-large is-resized\"><img loading=\"lazy\" decoding=\"async\" width=\"584\" height=\"1024\" src=\"https:\/\/www.karatesherbrooke.ca\/wp-content\/uploads\/2023\/08\/SmartSelect_20230825_211816_Photos-584x1024.jpg\" alt=\"Dojo Kazoku Sherbrooke : Sense\u00ef Gabriel Girard, instructeur chef, karat\u00e9 et kobujutsu\" class=\"wp-image-916\" style=\"width:192px;height:336px\" srcset=\"https:\/\/www.karatesherbrooke.ca\/wp-content\/uploads\/2023\/08\/SmartSelect_20230825_211816_Photos-584x1024.jpg 584w, https:\/\/www.karatesherbrooke.ca\/wp-content\/uploads\/2023\/08\/SmartSelect_20230825_211816_Photos-171x300.jpg 171w, https:\/\/www.karatesherbrooke.ca\/wp-content\/uploads\/2023\/08\/SmartSelect_20230825_211816_Photos.jpg 684w\" sizes=\"auto, (max-width: 584px) 100vw, 584px\" \/><\/figure>\n<\/div><\/div>\n\n\n\n<div class=\"wp-block-column is-layout-flow wp-block-column-is-layout-flow\">\n<h3 class=\"wp-block-heading has-large-font-size\" id=\"h-gabriel-girard-karate-et-kobujutsu\"><strong>Gabriel Girard<\/strong>, karat\u00e9 et kobujutsu<\/h3>\n\n\n\n<h4 class=\"wp-block-heading has-medium-font-size\" id=\"h-instructeur-chef\"><strong>Instructeur chef<\/strong><\/h4>\n\n\n\n<ul class=\"wp-block-list\">\n<li class=\"has-medium-font-size\">Yon Dan (3e Dan) Chito Ryu karat\u00e9 do<\/li>\n\n\n\n<li class=\"has-medium-font-size\">Shidoin Chito Ryu karat\u00e9 do<\/li>\n\n\n\n<li class=\"has-medium-font-size\">Ni Dan Ryukyu kobujutsu<\/li>\n<\/ul>\n<\/div>\n<\/div>\n\n\n\n<hr class=\"wp-block-separator has-text-color has-black-color has-alpha-channel-opacity has-black-background-color has-background is-style-wide\"\/>\n\n\n\n<div class=\"wp-block-columns is-layout-flex wp-container-core-columns-is-layout-9d6595d7 wp-block-columns-is-layout-flex\">\n<div class=\"wp-block-column is-layout-flow wp-block-column-is-layout-flow\" style=\"flex-basis:100%\">\n<div class=\"wp-block-columns is-layout-flex wp-container-core-columns-is-layout-9d6595d7 wp-block-columns-is-layout-flex\">\n<div class=\"wp-block-column is-layout-flow wp-block-column-is-layout-flow\"><div class=\"wp-block-image\">\n<figure class=\"aligncenter size-large is-resized\"><img loading=\"lazy\" decoding=\"async\" width=\"546\" height=\"1024\" src=\"https:\/\/www.karatesherbrooke.ca\/wp-content\/uploads\/2023\/08\/IMG_8611-546x1024.jpg\" alt=\"Dojo Kazoku Sherbrooke : Sense\u00ef Carole Samson, instructrice, karat\u00e9 et kobujutsu\" class=\"wp-image-917\" style=\"width:166px;height:312px\" srcset=\"https:\/\/www.karatesherbrooke.ca\/wp-content\/uploads\/2023\/08\/IMG_8611-546x1024.jpg 546w, https:\/\/www.karatesherbrooke.ca\/wp-content\/uploads\/2023\/08\/IMG_8611-160x300.jpg 160w, https:\/\/www.karatesherbrooke.ca\/wp-content\/uploads\/2023\/08\/IMG_8611-768x1440.jpg 768w, https:\/\/www.karatesherbrooke.ca\/wp-content\/uploads\/2023\/08\/IMG_8611-819x1536.jpg 819w, https:\/\/www.karatesherbrooke.ca\/wp-content\/uploads\/2023\/08\/IMG_8611.jpg 1092w\" sizes=\"auto, (max-width: 546px) 100vw, 546px\" \/><\/figure>\n<\/div><\/div>\n\n\n\n<div class=\"wp-block-column is-layout-flow wp-block-column-is-layout-flow\">\n<h3 class=\"wp-block-heading has-large-font-size\" id=\"h-carole-samson-karate-et-kobujutsu\"><strong>Carole Samson<\/strong>, karat\u00e9 et kobujutsu<\/h3>\n\n\n\n<h3 class=\"wp-block-heading has-medium-font-size\" id=\"h-instructrice\"><strong>Instructrice<\/strong><\/h3>\n\n\n\n<ul class=\"wp-block-list\">\n<li>San Dan (3e Dan) Chito Ryu karat\u00e9 do<\/li>\n\n\n\n<li>Jun shidoin Chito Ryu karat\u00e9 do<\/li>\n\n\n\n<li>Shodan Ryukyu kobujutsu<\/li>\n<\/ul>\n<\/div>\n<\/div>\n<\/div>\n<\/div>\n\n\n\n<hr class=\"wp-block-separator has-text-color has-black-color has-alpha-channel-opacity has-black-background-color has-background is-style-wide\"\/>\n\n\n\n<div class=\"wp-block-columns is-layout-flex wp-container-core-columns-is-layout-9d6595d7 wp-block-columns-is-layout-flex\">\n<div class=\"wp-block-column is-layout-flow wp-block-column-is-layout-flow\"><div class=\"wp-block-image\">\n<figure class=\"aligncenter size-large is-resized\"><img loading=\"lazy\" decoding=\"async\" width=\"789\" height=\"1024\" src=\"https:\/\/www.karatesherbrooke.ca\/wp-content\/uploads\/2023\/08\/IMG_8820-1-789x1024.jpg\" alt=\"Dojo Kazoku Sherbrooke : Sense\u00ef Marc Richard, instructeur, karat\u00e9 et kobujutsu\" class=\"wp-image-919\" style=\"width:231px;height:299px\" srcset=\"https:\/\/www.karatesherbrooke.ca\/wp-content\/uploads\/2023\/08\/IMG_8820-1-789x1024.jpg 789w, https:\/\/www.karatesherbrooke.ca\/wp-content\/uploads\/2023\/08\/IMG_8820-1-231x300.jpg 231w, https:\/\/www.karatesherbrooke.ca\/wp-content\/uploads\/2023\/08\/IMG_8820-1-768x996.jpg 768w, https:\/\/www.karatesherbrooke.ca\/wp-content\/uploads\/2023\/08\/IMG_8820-1-1184x1536.jpg 1184w, https:\/\/www.karatesherbrooke.ca\/wp-content\/uploads\/2023\/08\/IMG_8820-1-1579x2048.jpg 1579w, https:\/\/www.karatesherbrooke.ca\/wp-content\/uploads\/2023\/08\/IMG_8820-1-scaled.jpg 1973w\" sizes=\"auto, (max-width: 789px) 100vw, 789px\" \/><\/figure>\n<\/div><\/div>\n\n\n\n<div class=\"wp-block-column is-layout-flow wp-block-column-is-layout-flow\">\n<h3 class=\"wp-block-heading has-large-font-size\" id=\"h-marc-richard-karate-et-kobujutsu\"><strong>Marc Richard<\/strong>, karat\u00e9 et kobujutsu<\/h3>\n\n\n\n<h4 class=\"wp-block-heading has-medium-font-size\" id=\"h-instructeur\"><strong>Instructeur<\/strong><\/h4>\n\n\n\n<ul class=\"wp-block-list\">\n<li>San Dan (3e Dan) Chito Ryu karat\u00e9 do<\/li>\n\n\n\n<li>Jun shidoin Chito Ryu karat\u00e9 do<\/li>\n\n\n\n<li>Shodan Ryukyu kobujutsu<\/li>\n<\/ul>\n<\/div>\n<\/div>\n\n\n\n<hr class=\"wp-block-separator has-text-color has-black-color has-alpha-channel-opacity has-black-background-color has-background is-style-wide\"\/>\n\n\n\n<div class=\"wp-block-columns is-layout-flex wp-container-core-columns-is-layout-9d6595d7 wp-block-columns-is-layout-flex\">\n<div class=\"wp-block-column is-layout-flow wp-block-column-is-layout-flow\"><div class=\"wp-block-image\">\n<figure class=\"aligncenter size-large is-resized\"><img loading=\"lazy\" decoding=\"async\" width=\"601\" height=\"1024\" src=\"https:\/\/www.karatesherbrooke.ca\/wp-content\/uploads\/2023\/08\/I29-601x1024.jpg\" alt=\"Sense\u00ef Yves Trudeau, instructeur, karat\u00e9\" class=\"wp-image-912\" style=\"width:184px;height:313px\" srcset=\"https:\/\/www.karatesherbrooke.ca\/wp-content\/uploads\/2023\/08\/I29-601x1024.jpg 601w, https:\/\/www.karatesherbrooke.ca\/wp-content\/uploads\/2023\/08\/I29-176x300.jpg 176w, https:\/\/www.karatesherbrooke.ca\/wp-content\/uploads\/2023\/08\/I29-768x1309.jpg 768w, https:\/\/www.karatesherbrooke.ca\/wp-content\/uploads\/2023\/08\/I29-901x1536.jpg 901w, https:\/\/www.karatesherbrooke.ca\/wp-content\/uploads\/2023\/08\/I29-1201x2048.jpg 1201w, https:\/\/www.karatesherbrooke.ca\/wp-content\/uploads\/2023\/08\/I29.jpg 1408w\" sizes=\"auto, (max-width: 601px) 100vw, 601px\" \/><\/figure>\n<\/div><\/div>\n\n\n\n<div class=\"wp-block-column is-layout-flow wp-block-column-is-layout-flow\">\n<h3 class=\"wp-block-heading has-large-font-size\" id=\"h-yves-trudeau-karate\">Yves Trudeau, karat\u00e9<\/h3>\n\n\n\n<h4 class=\"wp-block-heading has-medium-font-size\" id=\"h-instructeur-0\">Instructeur<\/h4>\n\n\n\n<ul class=\"wp-block-list\">\n<li>San Dan (3e Dan) Chito Ryu karat\u00e9 do<\/li>\n\n\n\n<li>Jun shidoin Chito Ryu karat\u00e9 do<\/li>\n<\/ul>\n<\/div>\n<\/div>\n\n\n\n<hr class=\"wp-block-separator has-text-color has-black-color has-alpha-channel-opacity has-black-background-color has-background is-style-wide\"\/>\n\n\n\n<div class=\"wp-block-columns is-layout-flex wp-container-core-columns-is-layout-9d6595d7 wp-block-columns-is-layout-flex\">\n<div class=\"wp-block-column is-layout-flow wp-block-column-is-layout-flow\"><div class=\"wp-block-image\">\n<figure class=\"aligncenter size-large is-resized\"><img loading=\"lazy\" decoding=\"async\" width=\"585\" height=\"1024\" src=\"https:\/\/www.karatesherbrooke.ca\/wp-content\/uploads\/2023\/08\/I33-585x1024.jpg\" alt=\"Sense\u00ef Claude Rodrigue, instructeur, karat\u00e9\" class=\"wp-image-914\" style=\"width:179px;height:313px\" srcset=\"https:\/\/www.karatesherbrooke.ca\/wp-content\/uploads\/2023\/08\/I33-585x1024.jpg 585w, https:\/\/www.karatesherbrooke.ca\/wp-content\/uploads\/2023\/08\/I33-171x300.jpg 171w, https:\/\/www.karatesherbrooke.ca\/wp-content\/uploads\/2023\/08\/I33-768x1344.jpg 768w, https:\/\/www.karatesherbrooke.ca\/wp-content\/uploads\/2023\/08\/I33-877x1536.jpg 877w, https:\/\/www.karatesherbrooke.ca\/wp-content\/uploads\/2023\/08\/I33-1170x2048.jpg 1170w, https:\/\/www.karatesherbrooke.ca\/wp-content\/uploads\/2023\/08\/I33.jpg 1239w\" sizes=\"auto, (max-width: 585px) 100vw, 585px\" \/><\/figure>\n<\/div><\/div>\n\n\n\n<div class=\"wp-block-column is-layout-flow wp-block-column-is-layout-flow\">\n<h3 class=\"wp-block-heading has-large-font-size\" id=\"h-claude-rodrigue-karate\">Claude Rodrigue, karat\u00e9<\/h3>\n\n\n\n<h4 class=\"wp-block-heading has-medium-font-size\" id=\"h-instructeur-1\">Instructeur<\/h4>\n\n\n\n<ul class=\"wp-block-list\">\n<li>San Dan (3e Dan) Chito Ryu karat\u00e9 do<\/li>\n\n\n\n<li>Jun shidoin Chito Ryu karat\u00e9 do<\/li>\n<\/ul>\n<\/div>\n<\/div>\n\n\n\n<hr class=\"wp-block-separator has-text-color has-black-color has-alpha-channel-opacity has-black-background-color has-background is-style-wide\"\/>\n\n\n\n<div class=\"wp-block-columns is-layout-flex wp-container-core-columns-is-layout-9d6595d7 wp-block-columns-is-layout-flex\">\n<div class=\"wp-block-column is-layout-flow wp-block-column-is-layout-flow\"><div class=\"wp-block-image\">\n<figure class=\"aligncenter size-large is-resized\"><img loading=\"lazy\" decoding=\"async\" width=\"1024\" height=\"866\" src=\"https:\/\/www.karatesherbrooke.ca\/wp-content\/uploads\/2023\/08\/IMG_5208-1-a-1024x866.jpg\" alt=\"Sense\u00ef Kathy Leblanc, instructrice, karat\u00e9\" class=\"wp-image-913\" style=\"width:233px;height:197px\" srcset=\"https:\/\/www.karatesherbrooke.ca\/wp-content\/uploads\/2023\/08\/IMG_5208-1-a-1024x866.jpg 1024w, https:\/\/www.karatesherbrooke.ca\/wp-content\/uploads\/2023\/08\/IMG_5208-1-a-300x254.jpg 300w, https:\/\/www.karatesherbrooke.ca\/wp-content\/uploads\/2023\/08\/IMG_5208-1-a-768x650.jpg 768w, https:\/\/www.karatesherbrooke.ca\/wp-content\/uploads\/2023\/08\/IMG_5208-1-a-1536x1299.jpg 1536w, https:\/\/www.karatesherbrooke.ca\/wp-content\/uploads\/2023\/08\/IMG_5208-1-a-2048x1732.jpg 2048w\" sizes=\"auto, (max-width: 1024px) 100vw, 1024px\" \/><\/figure>\n<\/div><\/div>\n\n\n\n<div class=\"wp-block-column is-layout-flow wp-block-column-is-layout-flow\">\n<h3 class=\"wp-block-heading has-large-font-size\" id=\"h-kathy-leblanc-karate-et-kobujutsu\">Kathy Leblanc, karat\u00e9 et kobujutsu<\/h3>\n\n\n\n<h4 class=\"wp-block-heading has-medium-font-size\" id=\"h-instructrice-0\">Instructrice<\/h4>\n\n\n\n<ul class=\"wp-block-list\">\n<li>Ni Dan (2e Dan) Chito Ryu karat\u00e9 do<\/li>\n\n\n\n<li>Jun shidoin Chito Ryu karat\u00e9 do<\/li>\n\n\n\n<li>Shodan Ryukyu kobujutsu<\/li>\n<\/ul>\n<\/div>\n<\/div>\n\n\n\n<hr class=\"wp-block-separator has-text-color has-black-color has-alpha-channel-opacity has-black-background-color has-background is-style-wide\"\/>\n\n\n\n<p class=\"has-text-align-center\" style=\"font-size:32px\"><strong>Plus d&#8217;informations!<\/strong><\/p>\n\n\n\n<div class=\"wp-block-columns is-layout-flex wp-container-core-columns-is-layout-9d6595d7 wp-block-columns-is-layout-flex\">\n<div class=\"wp-block-column is-layout-flow wp-block-column-is-layout-flow\">\n<ul class=\"wp-block-social-links aligncenter has-visible-labels is-layout-flex wp-block-social-links-is-layout-flex\"><li class=\"wp-social-link wp-social-link-facebook  wp-block-social-link\"><a rel=\"noopener nofollow\" target=\"_blank\" href=\"https:\/\/www.facebook.com\/groups\/dojokazoku\" class=\"wp-block-social-link-anchor\"><svg width=\"24\" height=\"24\" viewBox=\"0 0 24 24\" version=\"1.1\" xmlns=\"http:\/\/www.w3.org\/2000\/svg\" aria-hidden=\"true\" focusable=\"false\"><path d=\"M12 2C6.5 2 2 6.5 2 12c0 5 3.7 9.1 8.4 9.9v-7H7.9V12h2.5V9.8c0-2.5 1.5-3.9 3.8-3.9 1.1 0 2.2.2 2.2.2v2.5h-1.3c-1.2 0-1.6.8-1.6 1.6V12h2.8l-.4 2.9h-2.3v7C18.3 21.1 22 17 22 12c0-5.5-4.5-10-10-10z\"><\/path><\/svg><span class=\"wp-block-social-link-label\">Suivez les activit\u00e9s du dojo sur Facebook<\/span><\/a><\/li><\/ul>\n<\/div>\n\n\n\n<div class=\"wp-block-column is-layout-flow wp-block-column-is-layout-flow\">\n<p class=\"has-text-align-center has-medium-font-size\"><strong><a data-type=\"mailto\" data-id=\"mailto:dojokazoku.sherbrooke@gmail.com\" href=\"mailto:dojokazoku.sherbrooke@gmail.com\">\u00c9crivez-nous<\/a> <\/strong><\/p>\n\n\n\n<p class=\"has-text-align-center has-medium-font-size\"><strong>Appelez-nous au 873-888-8314!<\/strong><\/p>\n<\/div>\n\n\n\n<div class=\"wp-block-column is-layout-flow wp-block-column-is-layout-flow\">\n<ul class=\"wp-block-social-links aligncenter has-visible-labels is-layout-flex wp-block-social-links-is-layout-flex\"><li class=\"wp-social-link wp-social-link-facebook  wp-block-social-link\"><a rel=\"noopener nofollow\" target=\"_blank\" href=\"https:\/\/www.facebook.com\/profile.php?id=100066665259833\" class=\"wp-block-social-link-anchor\"><svg width=\"24\" height=\"24\" viewBox=\"0 0 24 24\" version=\"1.1\" xmlns=\"http:\/\/www.w3.org\/2000\/svg\" aria-hidden=\"true\" focusable=\"false\"><path d=\"M12 2C6.5 2 2 6.5 2 12c0 5 3.7 9.1 8.4 9.9v-7H7.9V12h2.5V9.8c0-2.5 1.5-3.9 3.8-3.9 1.1 0 2.2.2 2.2.2v2.5h-1.3c-1.2 0-1.6.8-1.6 1.6V12h2.8l-.4 2.9h-2.3v7C18.3 21.1 22 17 22 12c0-5.5-4.5-10-10-10z\"><\/path><\/svg><span class=\"wp-block-social-link-label\">Suivez le Kobujutsu sur Facebook<\/span><\/a><\/li><\/ul>\n<\/div>\n<\/div>\n\n\n\n<hr class=\"wp-block-separator has-text-color has-black-color has-alpha-channel-opacity has-black-background-color has-background is-style-wide\"\/>\n\n\n\n<p class=\"has-black-color has-cyan-bluish-gray-background-color has-text-color has-background has-link-color wp-elements-7d485771d52b1e1d883819c067f09dde\"><a href=\"https:\/\/www.karatesherbrooke.ca\/indexphp\/2023\/08\/12\/cours-de-karate-et-de-kobujutsu-kazoku-sherbrooke\/\">Retour \u00e0 la page d&#8217;accueil&#8230;&#8230;.<\/a><\/p>\n","protected":false},"excerpt":{"rendered":"<p>Qui sommes-nous?<\/p>\n","protected":false},"author":1,"featured_media":1010,"parent":0,"menu_order":0,"comment_status":"closed","ping_status":"closed","template":"","meta":{"ngg_post_thumbnail":0,"footnotes":""},"class_list":["post-50","page","type-page","status-publish","has-post-thumbnail","hentry"],"yoast_head":"<!-- This site is optimized with the Yoast SEO Premium plugin v27.5 (Yoast SEO v27.5) - https:\/\/yoast.com\/product\/yoast-seo-premium-wordpress\/ -->\n<title>Dojo Kazoku Sherbrooke - Cours de karat\u00e9 et de kobujutsu<\/title>\n<meta name=\"description\" content=\"Le Dojo Kazoku Sherbooke est une \u00e9cole d&#039;arts martiaux : karat\u00e9 traditionnel japonais (Chito-Ryu) et Kobujutsu (armes traditionnelles)\" \/>\n<meta name=\"robots\" content=\"index, follow, max-snippet:-1, max-image-preview:large, max-video-preview:-1\" \/>\n<link rel=\"canonical\" href=\"https:\/\/www.karatesherbrooke.ca\/indexphp\/dojo-kazoku\/\" \/>\n<meta property=\"og:locale\" content=\"fr_CA\" \/>\n<meta property=\"og:type\" content=\"article\" \/>\n<meta property=\"og:title\" content=\"Cours de karat\u00e9 et de kobudo \u00e0 Sherbrooke - Dojo Kazoku Sherbrooke\" \/>\n<meta property=\"og:description\" content=\"\u00c9cole d&#039;arts martiaux offrant des cours de karat\u00e9 traditionnel japonais et de kobudo (armes traditionnelles) pour tous (individuel ou en famille)\" \/>\n<meta property=\"og:url\" content=\"https:\/\/www.karatesherbrooke.ca\/indexphp\/dojo-kazoku\/\" \/>\n<meta property=\"og:site_name\" content=\"Dojo Kazoku Sherbrooke\" \/>\n<meta property=\"article:publisher\" content=\"https:\/\/www.facebook.com\/groups\/dojokazoku\" \/>\n<meta property=\"article:modified_time\" content=\"2025-01-06T13:39:22+00:00\" \/>\n<meta property=\"og:image\" content=\"https:\/\/www.karatesherbrooke.ca\/wp-content\/uploads\/2024\/08\/dojo1.jpg\" \/>\n\t<meta property=\"og:image:width\" content=\"1200\" \/>\n\t<meta property=\"og:image:height\" content=\"719\" \/>\n\t<meta property=\"og:image:type\" content=\"image\/jpeg\" \/>\n<meta name=\"twitter:card\" content=\"summary_large_image\" \/>\n<meta name=\"twitter:label1\" content=\"Estimation du temps de lecture\" \/>\n\t<meta name=\"twitter:data1\" content=\"3 minutes\" \/>\n<!-- \/ Yoast SEO Premium plugin. -->","yoast_head_json":{"title":"Dojo Kazoku Sherbrooke - Cours de karat\u00e9 et de kobujutsu","description":"Le Dojo Kazoku Sherbooke est une \u00e9cole d'arts martiaux : karat\u00e9 traditionnel japonais (Chito-Ryu) et Kobujutsu (armes traditionnelles)","robots":{"index":"index","follow":"follow","max-snippet":"max-snippet:-1","max-image-preview":"max-image-preview:large","max-video-preview":"max-video-preview:-1"},"canonical":"https:\/\/www.karatesherbrooke.ca\/indexphp\/dojo-kazoku\/","og_locale":"fr_CA","og_type":"article","og_title":"Cours de karat\u00e9 et de kobudo \u00e0 Sherbrooke - Dojo Kazoku Sherbrooke","og_description":"\u00c9cole d'arts martiaux offrant des cours de karat\u00e9 traditionnel japonais et de kobudo (armes traditionnelles) pour tous (individuel ou en famille)","og_url":"https:\/\/www.karatesherbrooke.ca\/indexphp\/dojo-kazoku\/","og_site_name":"Dojo Kazoku Sherbrooke","article_publisher":"https:\/\/www.facebook.com\/groups\/dojokazoku","article_modified_time":"2025-01-06T13:39:22+00:00","og_image":[{"width":1200,"height":719,"url":"https:\/\/www.karatesherbrooke.ca\/wp-content\/uploads\/2024\/08\/dojo1.jpg","type":"image\/jpeg"}],"twitter_card":"summary_large_image","twitter_misc":{"Estimation du temps de lecture":"3 minutes"},"schema":{"@context":"https:\/\/schema.org","@graph":[{"@type":"Article","@id":"https:\/\/www.karatesherbrooke.ca\/indexphp\/dojo-kazoku\/#article","isPartOf":{"@id":"https:\/\/www.karatesherbrooke.ca\/indexphp\/dojo-kazoku\/"},"author":{"name":"girard","@id":"https:\/\/www.karatesherbrooke.ca\/#\/schema\/person\/6d8fd686824829e72318a03e4c133917"},"headline":"Dojo Kazoku Sherbrooke","datePublished":"2023-08-02T22:08:22+00:00","dateModified":"2025-01-06T13:39:22+00:00","mainEntityOfPage":{"@id":"https:\/\/www.karatesherbrooke.ca\/indexphp\/dojo-kazoku\/"},"wordCount":248,"publisher":{"@id":"https:\/\/www.karatesherbrooke.ca\/#organization"},"image":{"@id":"https:\/\/www.karatesherbrooke.ca\/indexphp\/dojo-kazoku\/#primaryimage"},"thumbnailUrl":"https:\/\/www.karatesherbrooke.ca\/wp-content\/uploads\/2024\/08\/dojo1.jpg","inLanguage":"fr-CA"},{"@type":["WebPage","AboutPage"],"@id":"https:\/\/www.karatesherbrooke.ca\/indexphp\/dojo-kazoku\/","url":"https:\/\/www.karatesherbrooke.ca\/indexphp\/dojo-kazoku\/","name":"Dojo Kazoku Sherbrooke - Cours de karat\u00e9 et de kobujutsu","isPartOf":{"@id":"https:\/\/www.karatesherbrooke.ca\/#website"},"primaryImageOfPage":{"@id":"https:\/\/www.karatesherbrooke.ca\/indexphp\/dojo-kazoku\/#primaryimage"},"image":{"@id":"https:\/\/www.karatesherbrooke.ca\/indexphp\/dojo-kazoku\/#primaryimage"},"thumbnailUrl":"https:\/\/www.karatesherbrooke.ca\/wp-content\/uploads\/2024\/08\/dojo1.jpg","datePublished":"2023-08-02T22:08:22+00:00","dateModified":"2025-01-06T13:39:22+00:00","description":"Le Dojo Kazoku Sherbooke est une \u00e9cole d'arts martiaux : karat\u00e9 traditionnel japonais (Chito-Ryu) et Kobujutsu (armes traditionnelles)","breadcrumb":{"@id":"https:\/\/www.karatesherbrooke.ca\/indexphp\/dojo-kazoku\/#breadcrumb"},"inLanguage":"fr-CA","potentialAction":[{"@type":"ReadAction","target":["https:\/\/www.karatesherbrooke.ca\/indexphp\/dojo-kazoku\/"]}]},{"@type":"ImageObject","inLanguage":"fr-CA","@id":"https:\/\/www.karatesherbrooke.ca\/indexphp\/dojo-kazoku\/#primaryimage","url":"https:\/\/www.karatesherbrooke.ca\/wp-content\/uploads\/2024\/08\/dojo1.jpg","contentUrl":"https:\/\/www.karatesherbrooke.ca\/wp-content\/uploads\/2024\/08\/dojo1.jpg","width":1200,"height":719,"caption":"\u00c9cole d'arts martiaux : karat\u00e9 et kobudo. Dojo Kazoku Sherbrooke."},{"@type":"BreadcrumbList","@id":"https:\/\/www.karatesherbrooke.ca\/indexphp\/dojo-kazoku\/#breadcrumb","itemListElement":[{"@type":"ListItem","position":1,"name":"Accueil","item":"https:\/\/www.karatesherbrooke.ca\/"},{"@type":"ListItem","position":2,"name":"Dojo Kazoku Sherbrooke"}]},{"@type":"WebSite","@id":"https:\/\/www.karatesherbrooke.ca\/#website","url":"https:\/\/www.karatesherbrooke.ca\/","name":"Dojo Kazoku Sherbrooke","description":"Cours de karat\u00e9 et kobudo","publisher":{"@id":"https:\/\/www.karatesherbrooke.ca\/#organization"},"alternateName":"Cours de karat\u00e9 et de kobujutsu","potentialAction":[{"@type":"SearchAction","target":{"@type":"EntryPoint","urlTemplate":"https:\/\/www.karatesherbrooke.ca\/?s={search_term_string}"},"query-input":{"@type":"PropertyValueSpecification","valueRequired":true,"valueName":"search_term_string"}}],"inLanguage":"fr-CA"},{"@type":"Organization","@id":"https:\/\/www.karatesherbrooke.ca\/#organization","name":"Dojo Kazoku Sherbrooke","alternateName":"\u00c9cole de karat\u00e9","url":"https:\/\/www.karatesherbrooke.ca\/","logo":{"@type":"ImageObject","inLanguage":"fr-CA","@id":"https:\/\/www.karatesherbrooke.ca\/#\/schema\/logo\/image\/","url":"https:\/\/www.karatesherbrooke.ca\/wp-content\/uploads\/2023\/08\/cropped-cropped-logo-e1690990206920-1.jpg","contentUrl":"https:\/\/www.karatesherbrooke.ca\/wp-content\/uploads\/2023\/08\/cropped-cropped-logo-e1690990206920-1.jpg","width":246,"height":246,"caption":"Dojo Kazoku Sherbrooke"},"image":{"@id":"https:\/\/www.karatesherbrooke.ca\/#\/schema\/logo\/image\/"},"sameAs":["https:\/\/www.facebook.com\/groups\/dojokazoku","https:\/\/www.facebook.com\/profile.php?id=100066665259833"],"description":"\u00c9cole offrant des cours de karat\u00e9 et de kobujutsu \u00e0 Sherbrooke","email":"dojokazoku.sherbrooke@gmail.com","telephone":"873-888-8314","legalName":"Dojo Kazoku Sherbrooke"},{"@type":"Person","@id":"https:\/\/www.karatesherbrooke.ca\/#\/schema\/person\/6d8fd686824829e72318a03e4c133917","name":"girard","image":{"@type":"ImageObject","inLanguage":"fr-CA","@id":"https:\/\/secure.gravatar.com\/avatar\/ad07ca854bf380f1421fcd1a31eb43defaab7bca7131dc2c111a86e796cf0ac2?s=96&d=mm&r=g","url":"https:\/\/secure.gravatar.com\/avatar\/ad07ca854bf380f1421fcd1a31eb43defaab7bca7131dc2c111a86e796cf0ac2?s=96&d=mm&r=g","contentUrl":"https:\/\/secure.gravatar.com\/avatar\/ad07ca854bf380f1421fcd1a31eb43defaab7bca7131dc2c111a86e796cf0ac2?s=96&d=mm&r=g","caption":"girard"},"sameAs":["https:\/\/www.karatesherbrooke.ca"],"url":"https:\/\/www.karatesherbrooke.ca\/index.php\/author\/girard\/"}]}},"_links":{"self":[{"href":"https:\/\/www.karatesherbrooke.ca\/index.php\/wp-json\/wp\/v2\/pages\/50","targetHints":{"allow":["GET"]}}],"collection":[{"href":"https:\/\/www.karatesherbrooke.ca\/index.php\/wp-json\/wp\/v2\/pages"}],"about":[{"href":"https:\/\/www.karatesherbrooke.ca\/index.php\/wp-json\/wp\/v2\/types\/page"}],"author":[{"embeddable":true,"href":"https:\/\/www.karatesherbrooke.ca\/index.php\/wp-json\/wp\/v2\/users\/1"}],"replies":[{"embeddable":true,"href":"https:\/\/www.karatesherbrooke.ca\/index.php\/wp-json\/wp\/v2\/comments?post=50"}],"version-history":[{"count":67,"href":"https:\/\/www.karatesherbrooke.ca\/index.php\/wp-json\/wp\/v2\/pages\/50\/revisions"}],"predecessor-version":[{"id":1675,"href":"https:\/\/www.karatesherbrooke.ca\/index.php\/wp-json\/wp\/v2\/pages\/50\/revisions\/1675"}],"wp:featuredmedia":[{"embeddable":true,"href":"https:\/\/www.karatesherbrooke.ca\/index.php\/wp-json\/wp\/v2\/media\/1010"}],"wp:attachment":[{"href":"https:\/\/www.karatesherbrooke.ca\/index.php\/wp-json\/wp\/v2\/media?parent=50"}],"curies":[{"name":"wp","href":"https:\/\/api.w.org\/{rel}","templated":true}]}}